{"id":4024,"date":"2026-03-11T14:59:38","date_gmt":"2026-03-11T14:59:38","guid":{"rendered":"https:\/\/elektro-furlani.de\/?page_id=4024"},"modified":"2026-03-11T15:07:13","modified_gmt":"2026-03-11T15:07:13","slug":"praktikant-gesucht","status":"publish","type":"page","link":"https:\/\/elektro-furlani.de\/index.php\/praktikant-gesucht\/","title":{"rendered":"Praktikant gesucht"},"content":{"rendered":"<p>[et_pb_section fb_built=&#8220;1&#8243; _builder_version=&#8220;4.16&#8243; _module_preset=&#8220;default&#8220; custom_padding=&#8220;0px|||||&#8220; locked=&#8220;off&#8220; global_colors_info=&#8220;{}&#8220;][et_pb_row _builder_version=&#8220;4.16&#8243; _module_preset=&#8220;default&#8220; custom_padding=&#8220;0px|||||&#8220; global_colors_info=&#8220;{}&#8220;][et_pb_column type=&#8220;4_4&#8243; _builder_version=&#8220;4.16&#8243; _module_preset=&#8220;default&#8220; global_colors_info=&#8220;{}&#8220;][et_pb_image src=&#8220;https:\/\/elektro-furlani.de\/wp-content\/uploads\/2021\/04\/Elektro-Furlani-Azubis.jpg&#8220; alt=&#8220;Elektro Furlani Azubis&#8220; title_text=&#8220;Elektro Furlani Azubis&#8220; align=&#8220;center&#8220; force_fullwidth=&#8220;on&#8220; _builder_version=&#8220;4.16&#8243; _module_preset=&#8220;default&#8220; custom_margin=&#8220;||-2px|||&#8220; global_colors_info=&#8220;{}&#8220;][\/et_pb_image][\/et_pb_column][\/et_pb_row][et_pb_row _builder_version=&#8220;4.16&#8243; _module_preset=&#8220;default&#8220; custom_margin=&#8220;-4px|auto||auto||&#8220; custom_padding=&#8220;7px||8px|||&#8220; global_colors_info=&#8220;{}&#8220;][et_pb_column type=&#8220;4_4&#8243; _builder_version=&#8220;4.16&#8243; _module_preset=&#8220;default&#8220; global_colors_info=&#8220;{}&#8220;][et_pb_text _builder_version=&#8220;4.16&#8243; _module_preset=&#8220;default&#8220; text_font_size=&#8220;26px&#8220; text_line_height=&#8220;1.3em&#8220; text_orientation=&#8220;center&#8220; global_colors_info=&#8220;{}&#8220;]<\/p>\n<p><span><span class=\"Apple-converted-space\">\u00a0<\/span><\/span><b>Zur weiteren Verst\u00e4rkung unseres wachsenden Teams suchen wir\u00a0<\/b><\/p>\n<p>[\/et_pb_text][et_pb_text _builder_version=&#8220;4.27.6&#8243; _module_preset=&#8220;default&#8220; text_font=&#8220;|600|||||||&#8220; text_font_size=&#8220;21px&#8220; header_font=&#8220;|700|||||||&#8220; header_text_align=&#8220;center&#8220; header_font_size=&#8220;73px&#8220; header_3_font=&#8220;|600|||||||&#8220; header_3_font_size=&#8220;30px&#8220; global_colors_info=&#8220;{}&#8220;]<\/p>\n<div id=\"_idContainer004\" class=\"Einfacher-Textrahmen\" style=\"text-align: center;\">\n<h1 class=\"H3-blau ParaOverride-1\"><span class=\"CharOverride-2\"><span style=\"color: #cd1619;\">Praktikant zum Elektriker<\/span> (m,w,d)\u00a0<\/span><\/h1>\n<\/div>\n<div id=\"_idContainer005\" class=\"Einfacher-Textrahmen\" style=\"text-align: center;\">\n<h3>im Raum M\u00fcnchen und Eching gesucht!<\/h3>\n<\/div>\n<p>[\/et_pb_text][\/et_pb_column][\/et_pb_row][et_pb_row _builder_version=&#8220;4.16&#8243; _module_preset=&#8220;default&#8220; custom_margin=&#8220;-4px|auto||auto||&#8220; custom_padding=&#8220;7px||8px|||&#8220; global_colors_info=&#8220;{}&#8220;][et_pb_column type=&#8220;4_4&#8243; _builder_version=&#8220;4.16&#8243; _module_preset=&#8220;default&#8220; global_colors_info=&#8220;{}&#8220;][et_pb_text _builder_version=&#8220;4.16&#8243; _module_preset=&#8220;default&#8220; header_4_font=&#8220;|700|||||||&#8220; header_4_text_color=&#8220;#FFFFFF&#8220; header_4_font_size=&#8220;22px&#8220; background_color=&#8220;#C40C04&#8243; custom_margin=&#8220;14px||13px||false|false&#8220; custom_padding=&#8220;7px|||10px|false|false&#8220; global_colors_info=&#8220;{}&#8220;]<\/p>\n<h4>Das ist Elektro Furlani<\/h4>\n<p>[\/et_pb_text][et_pb_text _builder_version=&#8220;4.27.6&#8243; _module_preset=&#8220;default&#8220; custom_margin=&#8220;||17px|||&#8220; global_colors_info=&#8220;{}&#8220;]<\/p>\n<p class=\"p1\">Wir sind ein inhabergef\u00fchrtes Unternehmen mit bis zu zehn Mitarbeitern. Seit Firmengr\u00fcndung\u00a001.06.2000 ist <span class=\"s1\" style=\"color: #cd1619;\"><b>ELEKTRO FURLANI<\/b><\/span> ein etablierter elektrotechnischer Dienstleister im Bereich\u00a0Kundendienst, Reparaturen, Aufzugssanierungen, E-Mobilit\u00e4t, Kleinprojekte sowie Sprech- und Videoanlagen. <span class=\"s1\" style=\"color: #cd1619;\"><b>ELEKTRO FURLANI<\/b><\/span> steht f\u00fcr Fachwissen, Flexibilit\u00e4t und Gewissenhaftigkeit. <strong>Menschlichkeit, Teamarbeit und Zuverl\u00e4ssigkeit sind uns das Wichtigste.<\/strong><\/p>\n<p>[\/et_pb_text][\/et_pb_column][\/et_pb_row][et_pb_row _builder_version=&#8220;4.16&#8243; _module_preset=&#8220;default&#8220; custom_margin=&#8220;-4px|auto||auto||&#8220; custom_padding=&#8220;7px||8px|||&#8220; global_colors_info=&#8220;{}&#8220;][et_pb_column type=&#8220;4_4&#8243; _builder_version=&#8220;4.16&#8243; _module_preset=&#8220;default&#8220; global_colors_info=&#8220;{}&#8220;][et_pb_text _builder_version=&#8220;4.16&#8243; _module_preset=&#8220;97e18c9e-7ff1-4e26-bd76-1bc8ca0f31a2&#8243; custom_margin=&#8220;||13px||false|false&#8220; global_colors_info=&#8220;{}&#8220;]<\/p>\n<h4><span><span class=\"Apple-converted-space\">\u00a0<\/span><\/span><b>Das bringen Sie mit:<\/b><\/h4>\n<p>[\/et_pb_text][et_pb_text _builder_version=&#8220;4.27.6&#8243; _module_preset=&#8220;default&#8220; global_colors_info=&#8220;{}&#8220;]<\/p>\n<ul>\n<li>Mindestens Hauptschulabschluss mit befriedigenden Leistungen in Mathematik<\/li>\n<li class=\"p1\">Technisches und mathematisches Verst\u00e4ndnis<\/li>\n<li class=\"p1\">Begeisterung f\u00fcr elektrotechnische Themen<\/li>\n<li class=\"p1\">Handwerkliches Geschick<\/li>\n<li class=\"p1\">Erste praktische Erfahrungen von Vorteil, z. B. durch ein Praktikum im technisch, handwerklichen Bereich oder in der Freizeit<\/li>\n<li class=\"p1\">Gute Deutschkenntnisse in Wort und Schrift<\/li>\n<li class=\"p1\">Eigenst\u00e4ndige und sorgf\u00e4ltige Arbeitsweise<\/li>\n<li class=\"p1\">Aufgeschlossene und kommunikative Art sowie Teamspirit<\/li>\n<\/ul>\n<p>[\/et_pb_text][\/et_pb_column][\/et_pb_row][et_pb_row _builder_version=&#8220;4.16&#8243; _module_preset=&#8220;default&#8220; custom_margin=&#8220;-4px|auto||auto||&#8220; custom_padding=&#8220;7px||8px|||&#8220; global_colors_info=&#8220;{}&#8220;][et_pb_column type=&#8220;4_4&#8243; _builder_version=&#8220;4.16&#8243; _module_preset=&#8220;default&#8220; global_colors_info=&#8220;{}&#8220;][et_pb_text _builder_version=&#8220;4.16&#8243; _module_preset=&#8220;97e18c9e-7ff1-4e26-bd76-1bc8ca0f31a2&#8243; custom_margin=&#8220;||13px||false|false&#8220; global_colors_info=&#8220;{}&#8220;]<\/p>\n<h4><span><span class=\"Apple-converted-space\">\u00a0<\/span><\/span><b>Wir bieten Ihnen:<\/b><\/h4>\n<p>[\/et_pb_text][et_pb_text _builder_version=&#8220;4.27.6&#8243; _module_preset=&#8220;default&#8220; global_colors_info=&#8220;{}&#8220;]<\/p>\n<ul>\n<li>\n<p class=\"p1\">Eine 3,5 j\u00e4hrige Ausbildung mit spannenden und abwechslungsreichen Aufgaben in einem\u00a0wachsenden Unternehmen. Bei besonders guten Leistungen ist grunds\u00e4tzlich eine\u00a0Verk\u00fcrzung m\u00f6glich<\/p>\n<\/li>\n<li>\n<p class=\"p1\">Intensive Betreuung von Beginn an durch einen pers\u00f6nlichen Ansprechpartner<\/p>\n<\/li>\n<li>\n<p class=\"p1\">Unterst\u00fctzung in schulischen und praktischen Bereichen<\/p>\n<\/li>\n<li>\n<p class=\"p1\">Regelm\u00e4\u00dfige Meetings zur Unterst\u00fctzung der schulischen sowie praktischen Bereiche<\/p>\n<\/li>\n<li>\n<p class=\"p1\">Nach einer erfolgreichen Absolvieren Ihrer Ausbildung haben Sie beste Aussichten auf\u00a0eine \u00dcbernahme<\/p>\n<\/li>\n<\/ul>\n<p>[\/et_pb_text][\/et_pb_column][\/et_pb_row][et_pb_row _builder_version=&#8220;4.16&#8243; _module_preset=&#8220;default&#8220; custom_margin=&#8220;-4px|auto||auto||&#8220; custom_padding=&#8220;7px||8px|||&#8220; global_colors_info=&#8220;{}&#8220;][et_pb_column type=&#8220;4_4&#8243; _builder_version=&#8220;4.16&#8243; _module_preset=&#8220;default&#8220; global_colors_info=&#8220;{}&#8220;][et_pb_text _builder_version=&#8220;4.16&#8243; _module_preset=&#8220;97e18c9e-7ff1-4e26-bd76-1bc8ca0f31a2&#8243; custom_margin=&#8220;||13px||false|false&#8220; global_colors_info=&#8220;{}&#8220;]<\/p>\n<h4><span><span class=\"Apple-converted-space\">\u00a0<\/span><\/span><b>Sie sind interessiert?<\/b><\/h4>\n<p>[\/et_pb_text][et_pb_text _builder_version=&#8220;4.27.6&#8243; _module_preset=&#8220;default&#8220; custom_margin=&#8220;||8px|||&#8220; global_colors_info=&#8220;{}&#8220;]<\/p>\n<p><strong>Dann senden Sie uns bitte Ihre aussagekr\u00e4ftige Bewerbung unter Angabe des n\u00e4chstm\u00f6glichen Eintrittstermins. <\/strong><br \/><strong>Wir freuen uns auf Ihre Bewerbung per E-Mail!<\/strong><\/p>\n<p>[\/et_pb_text][\/et_pb_column][\/et_pb_row][et_pb_row column_structure=&#8220;1_2,1_2&#8243; _builder_version=&#8220;4.27.6&#8243; _module_preset=&#8220;default&#8220; global_colors_info=&#8220;{}&#8220;][et_pb_column type=&#8220;1_2&#8243; _builder_version=&#8220;4.27.6&#8243; _module_preset=&#8220;default&#8220; global_colors_info=&#8220;{}&#8220;][et_pb_text _builder_version=&#8220;4.27.6&#8243; _module_preset=&#8220;default&#8220; global_colors_info=&#8220;{}&#8220;]<\/p>\n<p><b>ELEKTRO FURLANI<br \/><\/b>Inhaber: Bruno Furlani<br \/>Bahnhofstra\u00dfe 26, Rgb.<br \/>85386 Eching<br \/>Tel. 089 &#8211; 370 013 10<br \/>Mobil 0172 &#8211; 830 18 38<br \/>E-Mail info@elektro-furlani.de<\/p>\n<p>[\/et_pb_text][et_pb_button button_url=&#8220;mailto:info@elektro-furlani.de&#8220; url_new_window=&#8220;on&#8220; button_text=&#8220;Jetzt bewerben \u2026!&#8220; _builder_version=&#8220;4.16&#8243; _module_preset=&#8220;a8561def-1890-4514-8d02-a577c788b70f&#8220; global_colors_info=&#8220;{}&#8220;][\/et_pb_button][\/et_pb_column][et_pb_column type=&#8220;1_2&#8243; _builder_version=&#8220;4.27.6&#8243; _module_preset=&#8220;default&#8220; global_colors_info=&#8220;{}&#8220;][et_pb_image src=&#8220;https:\/\/elektro-furlani.de\/wp-content\/uploads\/2026\/03\/qr-code-ef.png&#8220; alt=&#8220;Elektro Furlani &#8220; title_text=&#8220;qr-code ef&#8220; _builder_version=&#8220;4.27.6&#8243; _module_preset=&#8220;default&#8220; width=&#8220;50%&#8220; module_alignment=&#8220;center&#8220; global_colors_info=&#8220;{}&#8220;][\/et_pb_image][\/et_pb_column][\/et_pb_row][et_pb_row _builder_version=&#8220;4.16&#8243; _module_preset=&#8220;default&#8220; custom_margin=&#8220;-4px|auto||auto||&#8220; custom_padding=&#8220;7px||8px|||&#8220; global_colors_info=&#8220;{}&#8220;][et_pb_column type=&#8220;4_4&#8243; _builder_version=&#8220;4.16&#8243; _module_preset=&#8220;default&#8220; global_colors_info=&#8220;{}&#8220;][et_pb_text _builder_version=&#8220;4.16&#8243; _module_preset=&#8220;default&#8220; text_font_size=&#8220;35px&#8220; global_colors_info=&#8220;{}&#8220;]<\/p>\n<p style=\"text-align: center;\"><span><span class=\"Apple-converted-space\">\u00a0<\/span><\/span><b>Tel. 089 &#8211; 370 013 10<\/b><\/p>\n<p>[\/et_pb_text][\/et_pb_column][\/et_pb_row][et_pb_row _builder_version=&#8220;4.16&#8243; _module_preset=&#8220;default&#8220; custom_padding=&#8220;47px|||||&#8220; global_colors_info=&#8220;{}&#8220;][et_pb_column type=&#8220;4_4&#8243; _builder_version=&#8220;4.16&#8243; _module_preset=&#8220;default&#8220; global_colors_info=&#8220;{}&#8220;][et_pb_text _builder_version=&#8220;4.27.6&#8243; _module_preset=&#8220;default&#8220; custom_margin=&#8220;||20px|||&#8220; hover_enabled=&#8220;0&#8243; global_colors_info=&#8220;{}&#8220; sticky_enabled=&#8220;0&#8243;]<\/p>\n<p style=\"text-align: center;\"><strong>Stelleausschreibung als PDF runterladen:\u00a0<\/strong><a href=\"https:\/\/elektro-furlani.de\/wp-content\/uploads\/2026\/03\/Elektro-Furlani-Anzeige-Praktikum-v3.pdf\" target=\"_blank\" rel=\"noopener\" title=\"Praktikant\"><span style=\"text-decoration: underline;\"><strong>Stellenangebot Praktikant Elektro-Furlani<\/strong><\/span><\/a><\/p>\n<p>[\/et_pb_text][et_pb_button button_url=&#8220;https:\/\/elektro-furlani.de\/&#8220; button_text=&#8220;Zur\u00fcck zur Startseite&#8220; _builder_version=&#8220;4.16&#8243; _module_preset=&#8220;501c8bae-ea32-46c1-bc69-78ed57c27a0a&#8220; global_colors_info=&#8220;{}&#8220;][\/et_pb_button][\/et_pb_column][\/et_pb_row][\/et_pb_section]<\/p>\n","protected":false},"excerpt":{"rendered":"<p>\u00a0Zur weiteren Verst\u00e4rkung unseres wachsenden Teams suchen wir\u00a0 Praktikant zum Elektriker (m,w,d)\u00a0 im Raum M\u00fcnchen und Eching gesucht! Das ist Elektro FurlaniWir sind ein inhabergef\u00fchrtes Unternehmen mit bis zu zehn Mitarbeitern. Seit Firmengr\u00fcndung\u00a001.06.2000 ist ELEKTRO FURLANI ein etablierter elektrotechnischer Dienstleister im Bereich\u00a0Kundendienst, Reparaturen, Aufzugssanierungen, E-Mobilit\u00e4t, Kleinprojekte sowie Sprech- und Videoanlagen. ELEKTRO FURLANI steht f\u00fcr Fachwissen, [&hellip;]<\/p>\n","protected":false},"author":3,"featured_media":0,"parent":0,"menu_order":0,"comment_status":"closed","ping_status":"closed","template":"","meta":{"_et_pb_use_builder":"on","_et_pb_old_content":"","_et_gb_content_width":"1080","footnotes":""},"class_list":["post-4024","page","type-page","status-publish","hentry"],"_links":{"self":[{"href":"https:\/\/elektro-furlani.de\/index.php\/wp-json\/wp\/v2\/pages\/4024","targetHints":{"allow":["GET"]}}],"collection":[{"href":"https:\/\/elektro-furlani.de\/index.php\/wp-json\/wp\/v2\/pages"}],"about":[{"href":"https:\/\/elektro-furlani.de\/index.php\/wp-json\/wp\/v2\/types\/page"}],"author":[{"embeddable":true,"href":"https:\/\/elektro-furlani.de\/index.php\/wp-json\/wp\/v2\/users\/3"}],"replies":[{"embeddable":true,"href":"https:\/\/elektro-furlani.de\/index.php\/wp-json\/wp\/v2\/comments?post=4024"}],"version-history":[{"count":5,"href":"https:\/\/elektro-furlani.de\/index.php\/wp-json\/wp\/v2\/pages\/4024\/revisions"}],"predecessor-version":[{"id":4031,"href":"https:\/\/elektro-furlani.de\/index.php\/wp-json\/wp\/v2\/pages\/4024\/revisions\/4031"}],"wp:attachment":[{"href":"https:\/\/elektro-furlani.de\/index.php\/wp-json\/wp\/v2\/media?parent=4024"}],"curies":[{"name":"wp","href":"https:\/\/api.w.org\/{rel}","templated":true}]}}